{"id":859,"date":"2022-10-12T09:18:51","date_gmt":"2022-10-12T07:18:51","guid":{"rendered":"https:\/\/www.alysson-hotel.fr\/tourism\/bike-stays\/"},"modified":"2023-03-16T08:58:46","modified_gmt":"2023-03-16T07:58:46","slug":"bike-stays","status":"publish","type":"page","link":"https:\/\/www.alysson-hotel.fr\/en\/tourism\/bike-stays\/","title":{"rendered":"Bike stays"},"content":{"rendered":"[vc_row type=&#8221;full_width_background&#8221; full_screen_row_position=&#8221;middle&#8221; bg_image=&#8221;165&#8243; bg_position=&#8221;center center&#8221; bg_repeat=&#8221;no-repeat&#8221; scene_position=&#8221;center&#8221; text_color=&#8221;light&#8221; text_align=&#8221;center&#8221; top_padding=&#8221;15%&#8221; bottom_padding=&#8221;4%&#8221; class=&#8221;inner-head&#8221; color_overlay=&#8221;#0a0a0a&#8221; overlay_strength=&#8221;0.3&#8243; shape_divider_position=&#8221;bottom&#8221; shape_type=&#8221;&#8221;][vc_column column_padding=&#8221;no-extra-padding&#8221; column_padding_position=&#8221;all&#8221; background_color_opacity=&#8221;1&#8243; background_hover_color_opacity=&#8221;1&#8243; column_shadow=&#8221;none&#8221; column_border_radius=&#8221;none&#8221; width=&#8221;1\/1&#8243; tablet_text_alignment=&#8221;default&#8221; phone_text_alignment=&#8221;default&#8221; column_border_width=&#8221;none&#8221; column_border_style=&#8221;solid&#8221;][vc_custom_heading text=&#8221;Bike stays&#8221; font_container=&#8221;tag:h1|text_align:center|color:%23ffffff&#8221; use_theme_fonts=&#8221;yes&#8221;][\/vc_column][\/vc_row][vc_row type=&#8221;full_width_background&#8221; full_screen_row_position=&#8221;middle&#8221; scene_position=&#8221;center&#8221; text_color=&#8221;dark&#8221; text_align=&#8221;left&#8221; top_padding=&#8221;4%&#8221; id=&#8221;chambres&#8221; overlay_strength=&#8221;0.3&#8243; shape_divider_position=&#8221;bottom&#8221; shape_type=&#8221;&#8221;][vc_column enable_animation=&#8221;true&#8221; animation=&#8221;fade-in-from-bottom&#8221; column_padding=&#8221;no-extra-padding&#8221; column_padding_position=&#8221;all&#8221; background_color_opacity=&#8221;1&#8243; background_hover_color_opacity=&#8221;1&#8243; column_shadow=&#8221;none&#8221; column_border_radius=&#8221;none&#8221; width=&#8221;1\/1&#8243; tablet_text_alignment=&#8221;default&#8221; phone_text_alignment=&#8221;default&#8221; column_border_width=&#8221;none&#8221; column_border_style=&#8221;solid&#8221; delay=&#8221;100&#8243;][vc_custom_heading text=&#8221;Biking tracks&#8221; use_theme_fonts=&#8221;yes&#8221;][divider line_type=&#8221;Small Line&#8221; line_thickness=&#8221;3&#8243; divider_color=&#8221;accent-color&#8221; animate=&#8221;yes&#8221; custom_height=&#8221;40&#8243; custom_line_width=&#8221;5%&#8221; delay=&#8221;100&#8243;][vc_column_text]Begginer or experienced Cyclist, alones or with a group, stay with us on half board basis starting at 98\u20ac *per person per day ( 196\u20ac per double or twin room)<\/p>\n<p>For more information about cycling journeys, contact Haut B\u00e9arn Tourist Office[\/vc_column_text][vc_column_text]*Based on a standard double room, excluding tourist tax. For all stays from June to September following the opening date of the passes[\/vc_column_text][vc_gallery type=&#8221;flickity_style&#8221; images=&#8221;165,164,166&#8243; flickity_controls=&#8221;pagination&#8221; flickity_desktop_columns=&#8221;1&#8243; flickity_small_desktop_columns=&#8221;1&#8243; flickity_tablet_columns=&#8221;1&#8243; flickity_box_shadow=&#8221;none&#8221; onclick=&#8221;link_no&#8221;][\/vc_column][\/vc_row][vc_row type=&#8221;full_width_background&#8221; full_screen_row_position=&#8221;middle&#8221; scene_position=&#8221;center&#8221; text_color=&#8221;dark&#8221; text_align=&#8221;left&#8221; top_padding=&#8221;4%&#8221; id=&#8221;chambres&#8221; overlay_strength=&#8221;0.3&#8243; shape_divider_position=&#8221;bottom&#8221; shape_type=&#8221;&#8221;][vc_column enable_animation=&#8221;true&#8221; animation=&#8221;fade-in-from-bottom&#8221; column_padding=&#8221;no-extra-padding&#8221; column_padding_position=&#8221;all&#8221; background_color_opacity=&#8221;1&#8243; background_hover_color_opacity=&#8221;1&#8243; column_shadow=&#8221;none&#8221; column_border_radius=&#8221;none&#8221; width=&#8221;1\/1&#8243; tablet_text_alignment=&#8221;default&#8221; phone_text_alignment=&#8221;default&#8221; column_border_width=&#8221;none&#8221; column_border_style=&#8221;solid&#8221; delay=&#8221;100&#8243;][vc_custom_heading text=&#8221;Our selection of tours&#8221; use_theme_fonts=&#8221;yes&#8221;][divider line_type=&#8221;Small Line&#8221; line_thickness=&#8221;3&#8243; divider_color=&#8221;accent-color&#8221; animate=&#8221;yes&#8221; custom_height=&#8221;40&#8243; custom_line_width=&#8221;5%&#8221; delay=&#8221;100&#8243;][vc_column_text]\n<h3>As a star around Oloron<\/h3>\n[\/vc_column_text][vc_row_inner column_margin=&#8221;default&#8221; text_align=&#8221;left&#8221;][vc_column_inner column_padding=&#8221;no-extra-padding&#8221; column_padding_position=&#8221;all&#8221; background_color_opacity=&#8221;1&#8243; background_hover_color_opacity=&#8221;1&#8243; column_shadow=&#8221;none&#8221; column_border_radius=&#8221;none&#8221; width=&#8221;1\/3&#8243; column_border_width=&#8221;none&#8221; column_border_style=&#8221;solid&#8221;][vc_column_text]<strong>Circuit n\u00b01<\/strong> \u201cIn the heart of Juran\u00e7on\u201d64 km elevation gain 744 m[\/vc_column_text][\/vc_column_inner][vc_column_inner column_padding=&#8221;no-extra-padding&#8221; column_padding_position=&#8221;all&#8221; background_color_opacity=&#8221;1&#8243; background_hover_color_opacity=&#8221;1&#8243; column_shadow=&#8221;none&#8221; column_border_radius=&#8221;none&#8221; width=&#8221;1\/3&#8243; column_border_width=&#8221;none&#8221; column_border_style=&#8221;solid&#8221;][vc_column_text]<strong>Circuit n\u00b02<\/strong> \u201cAlong the Gaves\u201d 119 km elevation gain 775 m[\/vc_column_text][\/vc_column_inner][vc_column_inner column_padding=&#8221;no-extra-padding&#8221; column_padding_position=&#8221;all&#8221; background_color_opacity=&#8221;1&#8243; background_hover_color_opacity=&#8221;1&#8243; column_shadow=&#8221;none&#8221; column_border_radius=&#8221;none&#8221; width=&#8221;1\/3&#8243; column_border_width=&#8221;none&#8221; column_border_style=&#8221;solid&#8221;][vc_column_text]<strong>Circuit n \u00b0 3<\/strong> &#8220;The road of wood pigeons&#8221; 127 kms altitude difference 1445m[\/vc_column_text][\/vc_column_inner][\/vc_row_inner][vc_column_text]\n<h3>Around the passes<\/h3>\n[\/vc_column_text][vc_row_inner column_margin=&#8221;default&#8221; text_align=&#8221;left&#8221;][vc_column_inner column_padding=&#8221;no-extra-padding&#8221; column_padding_position=&#8221;all&#8221; background_color_opacity=&#8221;1&#8243; background_hover_color_opacity=&#8221;1&#8243; column_shadow=&#8221;none&#8221; column_border_radius=&#8221;none&#8221; width=&#8221;1\/4&#8243; column_border_width=&#8221;none&#8221; column_border_style=&#8221;solid&#8221;][vc_column_text]<strong>Circuit n\u00b04<\/strong><\/p>\n<p>&#8220;The Pyrenean peaks&#8221;<\/p>\n<p>73km, 1516m drop (Col de Marie Blanque)[\/vc_column_text][\/vc_column_inner][vc_column_inner column_padding=&#8221;no-extra-padding&#8221; column_padding_position=&#8221;all&#8221; background_color_opacity=&#8221;1&#8243; background_hover_color_opacity=&#8221;1&#8243; column_shadow=&#8221;none&#8221; column_border_radius=&#8221;none&#8221; width=&#8221;1\/4&#8243; column_border_width=&#8221;none&#8221; column_border_style=&#8221;solid&#8221;][vc_column_text]<strong>Circuit n\u00b05<\/strong><\/p>\n<p>\u201cOn the way to Aubisque\u201d<\/p>\n<p>128 km 2471m ascent[\/vc_column_text][\/vc_column_inner][vc_column_inner column_padding=&#8221;no-extra-padding&#8221; column_padding_position=&#8221;all&#8221; background_color_opacity=&#8221;1&#8243; background_hover_color_opacity=&#8221;1&#8243; column_shadow=&#8221;none&#8221; column_border_radius=&#8221;none&#8221; width=&#8221;1\/4&#8243; column_border_width=&#8221;none&#8221; column_border_style=&#8221;solid&#8221;][vc_column_text]<strong>Circuit n\u00b06<\/strong><\/p>\n<p>\u201cIn the land of the musketeers\u201d: Ascent of La pierre Saint martin and return via Aramits.<\/p>\n<p>77km, 1954m drop[\/vc_column_text][\/vc_column_inner][vc_column_inner column_padding=&#8221;no-extra-padding&#8221; column_padding_position=&#8221;all&#8221; background_color_opacity=&#8221;1&#8243; background_hover_color_opacity=&#8221;1&#8243; column_shadow=&#8221;none&#8221; column_border_radius=&#8221;none&#8221; width=&#8221;1\/4&#8243; column_border_width=&#8221;none&#8221; column_border_style=&#8221;solid&#8221;][vc_column_text]<strong>Circuit n\u00b07<\/strong><\/p>\n<p>\u201cImmersion in Soule\u201d Le Soudet via La Mouline, return via Tardets.<\/p>\n<p>95km, 2091km[\/vc_column_text][\/vc_column_inner][\/vc_row_inner][vc_row_inner equal_height=&#8221;yes&#8221; content_placement=&#8221;middle&#8221; column_margin=&#8221;default&#8221; text_align=&#8221;left&#8221;][vc_column_inner column_padding=&#8221;padding-2-percent&#8221; column_padding_position=&#8221;all&#8221; background_color=&#8221;#e2b55d&#8221; background_color_opacity=&#8221;1&#8243; background_hover_color_opacity=&#8221;1&#8243; font_color=&#8221;#ffffff&#8221; column_shadow=&#8221;none&#8221; column_border_radius=&#8221;none&#8221; width=&#8221;1\/2&#8243; column_border_width=&#8221;none&#8221; column_border_style=&#8221;solid&#8221;][vc_column_text]\n<h4>OUR SERVICES<\/h4>\n<ul>\n<li>Secure bike room with water point to clean your equipment.<\/li>\n<li>Secure bike room with water point to clean your equipment.<\/li>\n<li>Menus made from fresh products and specially adapted for \u201csports diets\u201d<\/li>\n<\/ul>\n[\/vc_column_text][\/vc_column_inner][\/vc_row_inner][vc_column_text]\n<h3>Our additional services<\/h3>\n[\/vc_column_text][vc_column_text css=&#8221;.vc_custom_1678953169008{margin-bottom: 75px !important;}&#8221;]\n<ul>\n<li>Picnic menus to take away (sandwich, une bottle of water, fruit, dessert) 8,50\u20ac per person\/ day<\/li>\n<li>Single room supplement: 30\u20ac per person per day<\/li>\n<li>Privilege room supplement \u20ac15 per day<\/li>\n<li>Leg massages: \u20ac25 for 30 minutes. To be reserved in advance<\/li>\n<li>Privatization of the spa: 15\u20ac per person \/ 30 minutes<\/li>\n<li><strong><a href=\"https:\/\/www.alysson-hotel.fr\/en\/contact\/\">Contact us<\/a> for a personalized quote! <\/strong><\/li>\n<\/ul>\n[\/vc_column_text][\/vc_column][\/vc_row]\n","protected":false},"excerpt":{"rendered":"<p>[vc_row type=&#8221;full_width_background&#8221; full_screen_row_position=&#8221;middle&#8221; bg_image=&#8221;165&#8243; bg_position=&#8221;center center&#8221; bg_repeat=&#8221;no-repeat&#8221; scene_position=&#8221;center&#8221; text_color=&#8221;light&#8221; text_align=&#8221;center&#8221; top_padding=&#8221;15%&#8221; bottom_padding=&#8221;4%&#8221; class=&#8221;inner-head&#8221; color_overlay=&#8221;#0a0a0a&#8221; overlay_strength=&#8221;0.3&#8243; shape_divider_position=&#8221;bottom&#8221; shape_type=&#8221;&#8221;][vc_column column_padding=&#8221;no-extra-padding&#8221; column_padding_position=&#8221;all&#8221; background_color_opacity=&#8221;1&#8243; background_hover_color_opacity=&#8221;1&#8243; column_shadow=&#8221;none&#8221; column_border_radius=&#8221;none&#8221; width=&#8221;1\/1&#8243; tablet_text_alignment=&#8221;default&#8221; phone_text_alignment=&#8221;default&#8221; column_border_width=&#8221;none&#8221; column_border_style=&#8221;solid&#8221;][vc_custom_heading text=&#8221;Bike stays&#8221;&#8230;<\/p>\n","protected":false},"author":1,"featured_media":0,"parent":851,"menu_order":0,"comment_status":"closed","ping_status":"closed","template":"","meta":{"footnotes":""},"class_list":["post-859","page","type-page","status-publish"],"yoast_head":"<!-- This site is optimized with the Yoast SEO plugin v26.3 - https:\/\/yoast.com\/wordpress\/plugins\/seo\/ -->\n<title>Bike stays - Alysson H\u00f4tel<\/title>\n<meta name=\"robots\" content=\"index, follow, max-snippet:-1, max-image-preview:large, max-video-preview:-1\" \/>\n<link rel=\"canonical\" href=\"https:\/\/www.alysson-hotel.fr\/en\/tourism\/bike-stays\/\" \/>\n<meta property=\"og:locale\" content=\"en_US\" \/>\n<meta property=\"og:type\" content=\"article\" \/>\n<meta property=\"og:title\" content=\"Bike stays - Alysson H\u00f4tel\" \/>\n<meta property=\"og:description\" content=\"[vc_row type=&#8221;full_width_background&#8221; full_screen_row_position=&#8221;middle&#8221; bg_image=&#8221;165&#8243; bg_position=&#8221;center center&#8221; bg_repeat=&#8221;no-repeat&#8221; scene_position=&#8221;center&#8221; text_color=&#8221;light&#8221; text_align=&#8221;center&#8221; top_padding=&#8221;15%&#8221; bottom_padding=&#8221;4%&#8221; class=&#8221;inner-head&#8221; color_overlay=&#8221;#0a0a0a&#8221; overlay_strength=&#8221;0.3&#8243; shape_divider_position=&#8221;bottom&#8221; shape_type=&#8221;&#8221;][vc_column column_padding=&#8221;no-extra-padding&#8221; column_padding_position=&#8221;all&#8221; background_color_opacity=&#8221;1&#8243; background_hover_color_opacity=&#8221;1&#8243; column_shadow=&#8221;none&#8221; column_border_radius=&#8221;none&#8221; width=&#8221;1\/1&#8243; tablet_text_alignment=&#8221;default&#8221; phone_text_alignment=&#8221;default&#8221; column_border_width=&#8221;none&#8221; column_border_style=&#8221;solid&#8221;][vc_custom_heading text=&#8221;Bike stays&#8221;...\" \/>\n<meta property=\"og:url\" content=\"https:\/\/www.alysson-hotel.fr\/en\/tourism\/bike-stays\/\" \/>\n<meta property=\"og:site_name\" content=\"Alysson H\u00f4tel\" \/>\n<meta property=\"article:modified_time\" content=\"2023-03-16T07:58:46+00:00\" \/>\n<meta name=\"twitter:card\" content=\"summary_large_image\" \/>\n<meta name=\"twitter:label1\" content=\"Est. reading time\" \/>\n\t<meta name=\"twitter:data1\" content=\"3 minutes\" \/>\n<script type=\"application\/ld+json\" class=\"yoast-schema-graph\">{\"@context\":\"https:\/\/schema.org\",\"@graph\":[{\"@type\":\"WebPage\",\"@id\":\"https:\/\/www.alysson-hotel.fr\/en\/tourism\/bike-stays\/\",\"url\":\"https:\/\/www.alysson-hotel.fr\/en\/tourism\/bike-stays\/\",\"name\":\"Bike stays - Alysson H\u00f4tel\",\"isPartOf\":{\"@id\":\"https:\/\/www.alysson-hotel.fr\/#website\"},\"datePublished\":\"2022-10-12T07:18:51+00:00\",\"dateModified\":\"2023-03-16T07:58:46+00:00\",\"breadcrumb\":{\"@id\":\"https:\/\/www.alysson-hotel.fr\/en\/tourism\/bike-stays\/#breadcrumb\"},\"inLanguage\":\"en-US\",\"potentialAction\":[{\"@type\":\"ReadAction\",\"target\":[\"https:\/\/www.alysson-hotel.fr\/en\/tourism\/bike-stays\/\"]}]},{\"@type\":\"BreadcrumbList\",\"@id\":\"https:\/\/www.alysson-hotel.fr\/en\/tourism\/bike-stays\/#breadcrumb\",\"itemListElement\":[{\"@type\":\"ListItem\",\"position\":1,\"name\":\"Accueil\",\"item\":\"https:\/\/www.alysson-hotel.fr\/en\/\"},{\"@type\":\"ListItem\",\"position\":2,\"name\":\"Tourism\",\"item\":\"https:\/\/www.alysson-hotel.fr\/en\/tourism\/\"},{\"@type\":\"ListItem\",\"position\":3,\"name\":\"Bike stays\"}]},{\"@type\":\"WebSite\",\"@id\":\"https:\/\/www.alysson-hotel.fr\/#website\",\"url\":\"https:\/\/www.alysson-hotel.fr\/\",\"name\":\"Alysson H\u00f4tel\",\"description\":\"H\u00f4tel de standing \u00e0 Oloron-Sainte-Marie\",\"potentialAction\":[{\"@type\":\"SearchAction\",\"target\":{\"@type\":\"EntryPoint\",\"urlTemplate\":\"https:\/\/www.alysson-hotel.fr\/?s={search_term_string}\"},\"query-input\":{\"@type\":\"PropertyValueSpecification\",\"valueRequired\":true,\"valueName\":\"search_term_string\"}}],\"inLanguage\":\"en-US\"}]}<\/script>\n<!-- \/ Yoast SEO plugin. -->","yoast_head_json":{"title":"Bike stays - Alysson H\u00f4tel","robots":{"index":"index","follow":"follow","max-snippet":"max-snippet:-1","max-image-preview":"max-image-preview:large","max-video-preview":"max-video-preview:-1"},"canonical":"https:\/\/www.alysson-hotel.fr\/en\/tourism\/bike-stays\/","og_locale":"en_US","og_type":"article","og_title":"Bike stays - Alysson H\u00f4tel","og_description":"[vc_row type=&#8221;full_width_background&#8221; full_screen_row_position=&#8221;middle&#8221; bg_image=&#8221;165&#8243; bg_position=&#8221;center center&#8221; bg_repeat=&#8221;no-repeat&#8221; scene_position=&#8221;center&#8221; text_color=&#8221;light&#8221; text_align=&#8221;center&#8221; top_padding=&#8221;15%&#8221; bottom_padding=&#8221;4%&#8221; class=&#8221;inner-head&#8221; color_overlay=&#8221;#0a0a0a&#8221; overlay_strength=&#8221;0.3&#8243; shape_divider_position=&#8221;bottom&#8221; shape_type=&#8221;&#8221;][vc_column column_padding=&#8221;no-extra-padding&#8221; column_padding_position=&#8221;all&#8221; background_color_opacity=&#8221;1&#8243; background_hover_color_opacity=&#8221;1&#8243; column_shadow=&#8221;none&#8221; column_border_radius=&#8221;none&#8221; width=&#8221;1\/1&#8243; tablet_text_alignment=&#8221;default&#8221; phone_text_alignment=&#8221;default&#8221; column_border_width=&#8221;none&#8221; column_border_style=&#8221;solid&#8221;][vc_custom_heading text=&#8221;Bike stays&#8221;...","og_url":"https:\/\/www.alysson-hotel.fr\/en\/tourism\/bike-stays\/","og_site_name":"Alysson H\u00f4tel","article_modified_time":"2023-03-16T07:58:46+00:00","twitter_card":"summary_large_image","twitter_misc":{"Est. reading time":"3 minutes"},"schema":{"@context":"https:\/\/schema.org","@graph":[{"@type":"WebPage","@id":"https:\/\/www.alysson-hotel.fr\/en\/tourism\/bike-stays\/","url":"https:\/\/www.alysson-hotel.fr\/en\/tourism\/bike-stays\/","name":"Bike stays - Alysson H\u00f4tel","isPartOf":{"@id":"https:\/\/www.alysson-hotel.fr\/#website"},"datePublished":"2022-10-12T07:18:51+00:00","dateModified":"2023-03-16T07:58:46+00:00","breadcrumb":{"@id":"https:\/\/www.alysson-hotel.fr\/en\/tourism\/bike-stays\/#breadcrumb"},"inLanguage":"en-US","potentialAction":[{"@type":"ReadAction","target":["https:\/\/www.alysson-hotel.fr\/en\/tourism\/bike-stays\/"]}]},{"@type":"BreadcrumbList","@id":"https:\/\/www.alysson-hotel.fr\/en\/tourism\/bike-stays\/#breadcrumb","itemListElement":[{"@type":"ListItem","position":1,"name":"Accueil","item":"https:\/\/www.alysson-hotel.fr\/en\/"},{"@type":"ListItem","position":2,"name":"Tourism","item":"https:\/\/www.alysson-hotel.fr\/en\/tourism\/"},{"@type":"ListItem","position":3,"name":"Bike stays"}]},{"@type":"WebSite","@id":"https:\/\/www.alysson-hotel.fr\/#website","url":"https:\/\/www.alysson-hotel.fr\/","name":"Alysson H\u00f4tel","description":"H\u00f4tel de standing \u00e0 Oloron-Sainte-Marie","potentialAction":[{"@type":"SearchAction","target":{"@type":"EntryPoint","urlTemplate":"https:\/\/www.alysson-hotel.fr\/?s={search_term_string}"},"query-input":{"@type":"PropertyValueSpecification","valueRequired":true,"valueName":"search_term_string"}}],"inLanguage":"en-US"}]}},"_links":{"self":[{"href":"https:\/\/www.alysson-hotel.fr\/en\/wp-json\/wp\/v2\/pages\/859","targetHints":{"allow":["GET"]}}],"collection":[{"href":"https:\/\/www.alysson-hotel.fr\/en\/wp-json\/wp\/v2\/pages"}],"about":[{"href":"https:\/\/www.alysson-hotel.fr\/en\/wp-json\/wp\/v2\/types\/page"}],"author":[{"embeddable":true,"href":"https:\/\/www.alysson-hotel.fr\/en\/wp-json\/wp\/v2\/users\/1"}],"replies":[{"embeddable":true,"href":"https:\/\/www.alysson-hotel.fr\/en\/wp-json\/wp\/v2\/comments?post=859"}],"version-history":[{"count":7,"href":"https:\/\/www.alysson-hotel.fr\/en\/wp-json\/wp\/v2\/pages\/859\/revisions"}],"predecessor-version":[{"id":1026,"href":"https:\/\/www.alysson-hotel.fr\/en\/wp-json\/wp\/v2\/pages\/859\/revisions\/1026"}],"up":[{"embeddable":true,"href":"https:\/\/www.alysson-hotel.fr\/en\/wp-json\/wp\/v2\/pages\/851"}],"wp:attachment":[{"href":"https:\/\/www.alysson-hotel.fr\/en\/wp-json\/wp\/v2\/media?parent=859"}],"curies":[{"name":"wp","href":"https:\/\/api.w.org\/{rel}","templated":true}]}}